{"id":19780,"date":"2026-01-21T07:52:33","date_gmt":"2026-01-21T07:52:33","guid":{"rendered":"https:\/\/turismobotanico.es\/?post_type=product&#038;p=19780"},"modified":"2026-01-21T08:08:49","modified_gmt":"2026-01-21T08:08:49","slug":"brabante-flamenco-del-11-al-15-de-septiembre-de-2026","status":"publish","type":"product","link":"https:\/\/turismobotanico.es\/en\/brabante-flamenco-del-11-al-15-de-septiembre-de-2026\/","title":{"rendered":"Brabante Flamenco | Del 11 al 15 de Septiembre de 2026"},"content":{"rendered":"<p><a href=\"https:\/\/turismobotanico.es\/wp-content\/uploads\/2025\/12\/Brabante-Flamenco-Septiembre-2026.pdf\">VER EL PROGRAMA COMPLETO (RECOMENDADO).<\/a><\/p>\n<p><strong>Los alrededores de Bruselas<\/strong><\/p>\n<p>Si pensamos en un viaje a B\u00e9lgica, lo l\u00f3gico es pensar en Bruselas, Bruja o Gante. Pero la capital belga est\u00e1 rodeada por una comarca que alberga infinidad de sorpresas y que rara vez se visita. Se trata del Brabante Flamenco, y en este viaje os lo mostraremos.<br \/>\nPor el lado Este de Bruselas tenemos la bella ciudad de Leuven. Historia pura del pa\u00eds, rincones bell\u00edsimos, y bosques que la rodean que os ense\u00f1aremos. Adem\u00e1s de conocer Doodle Bemde, os proponemos ir en la b\u00fasqueda del Castor. Haremos un safari acu\u00e1tico por el r\u00edo<br \/>\nDyle en el que seguro que veremos sus restos pero, \u00bfveremos los castores? Despu\u00e9s nos moveremos al oeste de Bruselas para conocer la otra parte del Brabante. Muziekbos, Helix &amp; Bosberg, el Bost t \u0301Ename o el lago de Outsider ser\u00e1n lugares que<br \/>\ndescubriremos y que pocos turistas internacionales conocen.<br \/>\nAdem\u00e1s, los alrededores del castillo de Van Gaasbeek pondr\u00e1n el colof\u00f3n natural final al viaje, sum\u00e1ndole la visita a una cerveza \u00fanica en el mundo. Conoceremos c\u00f3mo se realiza la famosa cerveza l\u00e1mbica y podremos probarla antes de regresar a casa repletos de Brabante. \u00bfQui\u00e9n se anima?<\/p>\n<p><span data-path-to-node=\"4,0\"><b><span class=\"citation-79\">PRECIO POR PERSONA<\/span><\/b><span class=\"citation-79\"> INCLUYENDO: BILLETES DE AVI\u00d3N Y TRANSPORTE COMPLETO DESDE ORIGEN Y EN DESTINO, <\/span><\/span><span data-path-to-node=\"4,4\"><span class=\"citation-78\">ALOJAMIENTO DURANTE 4 <\/span><span class=\"citation-78\">NOCHES<\/span><\/span><span data-path-to-node=\"4,7\"><i><span class=\"citation-77\">\u00a0<\/span><\/i><span class=\"citation-77\">CON DESAYUNO INCLUIDO, <\/span><\/span><span data-path-to-node=\"4,21\"><span class=\"citation-73\">GU\u00cdA LOCAL DE NATURALEZA <\/span><span class=\"citation-73\">ALTAMENTE CUALIFICADOS, PICOTEO EL D\u00cdA 15 DE SEPTIEMBRE, <\/span><\/span><span data-path-to-node=\"4,25\"><span class=\"citation-72\">ENTRADAS A TODAS LAS ACTIVIDADES DEL PROGRAMA <\/span><\/span><span data-path-to-node=\"4,28\"><span class=\"citation-71\">Y<\/span><\/span><span data-path-to-node=\"4,32\"><span class=\"citation-70\">\u00a0<\/span><\/span><span data-path-to-node=\"4,35\"><span class=\"citation-69\">TODOS LOS SEGUROS DE CANCELACI\u00d3N, ACCIDENTES Y RESPONSABILIDAD CIVIL: <b><span class=\"citation-79\">1.300\u20ac.<\/span><\/b><\/span><\/span><\/p>\n<p>El alojamiento es\u00a0en habitaci\u00f3n doble.\u00a0Si vas solo, tendr\u00e1s que pagar el suplemento de\u00a0<strong>habitaci\u00f3n individual: 300\u20ac<\/strong>. A\u00f1\u00e1delo al carrito, desde la parte de abajo de la p\u00e1gina, en el siguiente paso de la reserva.<\/p>\n<p><a href=\"https:\/\/www.bujaldon-sl.com\/productos\/certificado\/prime-2-0-copia\">PUEDE CONSULTAR LAS CONDICIONES DE ESTE SEGURO DE CANCELACI\u00d3N CLICANDO AQU\u00cd<\/a><\/p>\n<p><a href=\"https:\/\/turismobotanico.es\/en\/politica-de-cancelaciones\/\">PUEDES CONSULTAR AQU\u00cd NUESTRA POL\u00cdTICA DE CANCELACIONES<\/a><\/p>","protected":false},"excerpt":{"rendered":"<p><a href=\"https:\/\/turismobotanico.es\/wp-content\/uploads\/2025\/12\/Brabante-Flamenco-Septiembre-2026.pdf\">VER EL PROGRAMA COMPLETO (RECOMENDADO).<\/a><\/p>\n<p><strong>Los alrededores de Bruselas<\/strong><\/p>\n<p>Si pensamos en un viaje a B\u00e9lgica, lo l\u00f3gico es pensar en Bruselas, Bruja o Gante. Pero la capital belga est\u00e1 rodeada por una comarca que alberga infinidad de sorpresas y que rara vez se visita. Se trata del Brabante Flamenco, y en este viaje os lo mostraremos.<br \/>\nPor el lado Este de Bruselas tenemos la bella ciudad de Leuven. Historia pura del pa\u00eds, rincones bell\u00edsimos, y bosques que la rodean que os ense\u00f1aremos. Adem\u00e1s de conocer Doodle Bemde, os proponemos ir en la b\u00fasqueda del Castor. Haremos un safari acu\u00e1tico por el r\u00edo<br \/>\nDyle en el que seguro que veremos sus restos pero, \u00bfveremos los castores? Despu\u00e9s nos moveremos al oeste de Bruselas para conocer la otra parte del Brabante. Muziekbos, Helix &amp; Bosberg, el Bost t \u0301Ename o el lago de Outsider ser\u00e1n lugares que<br \/>\ndescubriremos y que pocos turistas internacionales conocen.<br \/>\nAdem\u00e1s, los alrededores del castillo de Van Gaasbeek pondr\u00e1n el colof\u00f3n natural final al viaje, sum\u00e1ndole la visita a una cerveza \u00fanica en el mundo. Conoceremos c\u00f3mo se realiza la famosa cerveza l\u00e1mbica y podremos probarla antes de regresar a casa repletos de Brabante. \u00bfQui\u00e9n se anima?<\/p>\n<p><span data-path-to-node=\"4,0\"><b><span class=\"citation-79\">PRECIO POR PERSONA<\/span><\/b><span class=\"citation-79\"> INCLUYENDO: BILLETES DE AVI\u00d3N Y TRANSPORTE COMPLETO DESDE ORIGEN Y EN DESTINO, <\/span><\/span><span data-path-to-node=\"4,4\"><span class=\"citation-78\">ALOJAMIENTO DURANTE 4 <\/span><span class=\"citation-78\">NOCHES<\/span><\/span><span data-path-to-node=\"4,7\"><i><span class=\"citation-77\">\u00a0<\/span><\/i><span class=\"citation-77\">CON DESAYUNO INCLUIDO, <\/span><\/span><span data-path-to-node=\"4,21\"><span class=\"citation-73\">GU\u00cdA LOCAL DE NATURALEZA <\/span><span class=\"citation-73\">ALTAMENTE CUALIFICADOS, PICOTEO EL D\u00cdA 15 DE SEPTIEMBRE, <\/span><\/span><span data-path-to-node=\"4,25\"><span class=\"citation-72\">ENTRADAS A TODAS LAS ACTIVIDADES DEL PROGRAMA <\/span><\/span><span data-path-to-node=\"4,28\"><span class=\"citation-71\">Y<\/span><\/span><span data-path-to-node=\"4,32\"><span class=\"citation-70\">\u00a0<\/span><\/span><span data-path-to-node=\"4,35\"><span class=\"citation-69\">TODOS LOS SEGUROS DE CANCELACI\u00d3N, ACCIDENTES Y RESPONSABILIDAD CIVIL: <b><span class=\"citation-79\">1.300\u20ac.<\/span><\/b><\/span><\/span><\/p>\n<p>El alojamiento es\u00a0en habitaci\u00f3n doble.\u00a0Si vas solo, tendr\u00e1s que pagar el suplemento de\u00a0<strong>habitaci\u00f3n individual: 300\u20ac<\/strong>. A\u00f1\u00e1delo al carrito, desde la parte de abajo de la p\u00e1gina, en el siguiente paso de la reserva.<\/p>\n<p><a href=\"https:\/\/www.bujaldon-sl.com\/productos\/certificado\/prime-2-0-copia\">PUEDE CONSULTAR LAS CONDICIONES DE ESTE SEGURO DE CANCELACI\u00d3N CLICANDO AQU\u00cd<\/a><\/p>\n<p><a href=\"https:\/\/turismobotanico.es\/en\/politica-de-cancelaciones\/\">PUEDES CONSULTAR AQU\u00cd NUESTRA POL\u00cdTICA DE CANCELACIONES<\/a><\/p>","protected":false},"featured_media":19788,"comment_status":"closed","ping_status":"closed","template":"","meta":[],"product_brand":[],"product_cat":[54,55,45,62,106,56,53,131,132],"product_tag":[],"class_list":{"0":"post-19780","1":"product","2":"type-product","3":"status-publish","4":"has-post-thumbnail","6":"product_cat-albacete","7":"product_cat-alicante","8":"product_cat-destinos-por-region","9":"product_cat-escapadas-y-viajes-de-naturaleza-en-europa-y-el-mundo","10":"product_cat-europa","11":"product_cat-madrid","12":"product_cat-murcia","13":"product_cat-senderismo","14":"product_cat-viajes-de-naturaleza","16":"first","17":"instock","18":"virtual","19":"purchasable","20":"product-type-simple"},"yoast_head":"<!-- This site is optimized with the Yoast SEO plugin v27.4 - https:\/\/yoast.com\/product\/yoast-seo-wordpress\/ -->\n<title>Brabante Flamenco | Del 11 al 15 de Septiembre de 2026 - Turismo Bot\u00e1nico<\/title>\n<meta name=\"description\" content=\"Ven a descubrir una de las maravillosas comarcas belgas que alberga infinidad de sorpresas y que rara vez se visita: El Brabante Flamenco. \u00bfTe apuntas?\" \/>\n<meta name=\"robots\" content=\"index, follow, max-snippet:-1, max-image-preview:large, max-video-preview:-1\" \/>\n<link rel=\"canonical\" href=\"https:\/\/turismobotanico.es\/en\/brabante-flamenco-del-11-al-15-de-septiembre-de-2026\/\" \/>\n<meta property=\"og:locale\" content=\"en_US\" \/>\n<meta property=\"og:type\" content=\"article\" \/>\n<meta property=\"og:title\" content=\"Brabante Flamenco | Del 11 al 15 de Septiembre de 2026 - Turismo Bot\u00e1nico\" \/>\n<meta property=\"og:description\" content=\"Ven a descubrir una de las maravillosas comarcas belgas que alberga infinidad de sorpresas y que rara vez se visita: El Brabante Flamenco. \u00bfTe apuntas?\" \/>\n<meta property=\"og:url\" content=\"https:\/\/turismobotanico.es\/en\/brabante-flamenco-del-11-al-15-de-septiembre-de-2026\/\" \/>\n<meta property=\"og:site_name\" content=\"Turismo Bot\u00e1nico\" \/>\n<meta property=\"article:modified_time\" content=\"2026-01-21T08:08:49+00:00\" \/>\n<meta property=\"og:image\" content=\"https:\/\/turismobotanico.es\/wp-content\/uploads\/2026\/01\/Oops.jpeg\" \/>\n\t<meta property=\"og:image:width\" content=\"736\" \/>\n\t<meta property=\"og:image:height\" content=\"1102\" \/>\n\t<meta property=\"og:image:type\" content=\"image\/jpeg\" \/>\n<meta name=\"twitter:card\" content=\"summary_large_image\" \/>\n<meta name=\"twitter:label1\" content=\"Est. reading time\" \/>\n\t<meta name=\"twitter:data1\" content=\"2 minutes\" \/>\n<script type=\"application\/ld+json\" class=\"yoast-schema-graph\">{\"@context\":\"https:\\\/\\\/schema.org\",\"@graph\":[{\"@type\":\"WebPage\",\"@id\":\"https:\\\/\\\/turismobotanico.es\\\/brabante-flamenco-del-11-al-15-de-septiembre-de-2026\\\/\",\"url\":\"https:\\\/\\\/turismobotanico.es\\\/brabante-flamenco-del-11-al-15-de-septiembre-de-2026\\\/\",\"name\":\"Brabante Flamenco | Del 11 al 15 de Septiembre de 2026 - Turismo Bot\u00e1nico\",\"isPartOf\":{\"@id\":\"https:\\\/\\\/turismobotanico.es\\\/#website\"},\"primaryImageOfPage\":{\"@id\":\"https:\\\/\\\/turismobotanico.es\\\/brabante-flamenco-del-11-al-15-de-septiembre-de-2026\\\/#primaryimage\"},\"image\":{\"@id\":\"https:\\\/\\\/turismobotanico.es\\\/brabante-flamenco-del-11-al-15-de-septiembre-de-2026\\\/#primaryimage\"},\"thumbnailUrl\":\"https:\\\/\\\/turismobotanico.es\\\/wp-content\\\/uploads\\\/2026\\\/01\\\/Oops.jpeg\",\"datePublished\":\"2026-01-21T07:52:33+00:00\",\"dateModified\":\"2026-01-21T08:08:49+00:00\",\"description\":\"Ven a descubrir una de las maravillosas comarcas belgas que alberga infinidad de sorpresas y que rara vez se visita: El Brabante Flamenco. \u00bfTe apuntas?\",\"breadcrumb\":{\"@id\":\"https:\\\/\\\/turismobotanico.es\\\/brabante-flamenco-del-11-al-15-de-septiembre-de-2026\\\/#breadcrumb\"},\"inLanguage\":\"en-US\",\"potentialAction\":[{\"@type\":\"ReadAction\",\"target\":[\"https:\\\/\\\/turismobotanico.es\\\/brabante-flamenco-del-11-al-15-de-septiembre-de-2026\\\/\"]}]},{\"@type\":\"ImageObject\",\"inLanguage\":\"en-US\",\"@id\":\"https:\\\/\\\/turismobotanico.es\\\/brabante-flamenco-del-11-al-15-de-septiembre-de-2026\\\/#primaryimage\",\"url\":\"https:\\\/\\\/turismobotanico.es\\\/wp-content\\\/uploads\\\/2026\\\/01\\\/Oops.jpeg\",\"contentUrl\":\"https:\\\/\\\/turismobotanico.es\\\/wp-content\\\/uploads\\\/2026\\\/01\\\/Oops.jpeg\",\"width\":736,\"height\":1102},{\"@type\":\"BreadcrumbList\",\"@id\":\"https:\\\/\\\/turismobotanico.es\\\/brabante-flamenco-del-11-al-15-de-septiembre-de-2026\\\/#breadcrumb\",\"itemListElement\":[{\"@type\":\"ListItem\",\"position\":1,\"name\":\"Portada\",\"item\":\"https:\\\/\\\/turismobotanico.es\\\/\"},{\"@type\":\"ListItem\",\"position\":2,\"name\":\"Tienda\",\"item\":\"https:\\\/\\\/turismobotanico.es\\\/tienda\\\/\"},{\"@type\":\"ListItem\",\"position\":3,\"name\":\"Brabante Flamenco | Del 11 al 15 de Septiembre de 2026\"}]},{\"@type\":\"WebSite\",\"@id\":\"https:\\\/\\\/turismobotanico.es\\\/#website\",\"url\":\"https:\\\/\\\/turismobotanico.es\\\/\",\"name\":\"Turismo Bot\u00e1nico\",\"description\":\"Turismo de naturaleza\",\"potentialAction\":[{\"@type\":\"SearchAction\",\"target\":{\"@type\":\"EntryPoint\",\"urlTemplate\":\"https:\\\/\\\/turismobotanico.es\\\/?s={search_term_string}\"},\"query-input\":{\"@type\":\"PropertyValueSpecification\",\"valueRequired\":true,\"valueName\":\"search_term_string\"}}],\"inLanguage\":\"en-US\"}]}<\/script>\n<!-- \/ Yoast SEO plugin. -->","yoast_head_json":{"title":"Brabante Flamenco | Del 11 al 15 de Septiembre de 2026 - Turismo Bot\u00e1nico","description":"Ven a descubrir una de las maravillosas comarcas belgas que alberga infinidad de sorpresas y que rara vez se visita: El Brabante Flamenco. \u00bfTe apuntas?","robots":{"index":"index","follow":"follow","max-snippet":"max-snippet:-1","max-image-preview":"max-image-preview:large","max-video-preview":"max-video-preview:-1"},"canonical":"https:\/\/turismobotanico.es\/en\/brabante-flamenco-del-11-al-15-de-septiembre-de-2026\/","og_locale":"en_US","og_type":"article","og_title":"Brabante Flamenco | Del 11 al 15 de Septiembre de 2026 - Turismo Bot\u00e1nico","og_description":"Ven a descubrir una de las maravillosas comarcas belgas que alberga infinidad de sorpresas y que rara vez se visita: El Brabante Flamenco. \u00bfTe apuntas?","og_url":"https:\/\/turismobotanico.es\/en\/brabante-flamenco-del-11-al-15-de-septiembre-de-2026\/","og_site_name":"Turismo Bot\u00e1nico","article_modified_time":"2026-01-21T08:08:49+00:00","og_image":[{"width":736,"height":1102,"url":"https:\/\/turismobotanico.es\/wp-content\/uploads\/2026\/01\/Oops.jpeg","type":"image\/jpeg"}],"twitter_card":"summary_large_image","twitter_misc":{"Est. reading time":"2 minutes"},"schema":{"@context":"https:\/\/schema.org","@graph":[{"@type":"WebPage","@id":"https:\/\/turismobotanico.es\/brabante-flamenco-del-11-al-15-de-septiembre-de-2026\/","url":"https:\/\/turismobotanico.es\/brabante-flamenco-del-11-al-15-de-septiembre-de-2026\/","name":"Brabante Flamenco | Del 11 al 15 de Septiembre de 2026 - Turismo Bot\u00e1nico","isPartOf":{"@id":"https:\/\/turismobotanico.es\/#website"},"primaryImageOfPage":{"@id":"https:\/\/turismobotanico.es\/brabante-flamenco-del-11-al-15-de-septiembre-de-2026\/#primaryimage"},"image":{"@id":"https:\/\/turismobotanico.es\/brabante-flamenco-del-11-al-15-de-septiembre-de-2026\/#primaryimage"},"thumbnailUrl":"https:\/\/turismobotanico.es\/wp-content\/uploads\/2026\/01\/Oops.jpeg","datePublished":"2026-01-21T07:52:33+00:00","dateModified":"2026-01-21T08:08:49+00:00","description":"Ven a descubrir una de las maravillosas comarcas belgas que alberga infinidad de sorpresas y que rara vez se visita: El Brabante Flamenco. \u00bfTe apuntas?","breadcrumb":{"@id":"https:\/\/turismobotanico.es\/brabante-flamenco-del-11-al-15-de-septiembre-de-2026\/#breadcrumb"},"inLanguage":"en-US","potentialAction":[{"@type":"ReadAction","target":["https:\/\/turismobotanico.es\/brabante-flamenco-del-11-al-15-de-septiembre-de-2026\/"]}]},{"@type":"ImageObject","inLanguage":"en-US","@id":"https:\/\/turismobotanico.es\/brabante-flamenco-del-11-al-15-de-septiembre-de-2026\/#primaryimage","url":"https:\/\/turismobotanico.es\/wp-content\/uploads\/2026\/01\/Oops.jpeg","contentUrl":"https:\/\/turismobotanico.es\/wp-content\/uploads\/2026\/01\/Oops.jpeg","width":736,"height":1102},{"@type":"BreadcrumbList","@id":"https:\/\/turismobotanico.es\/brabante-flamenco-del-11-al-15-de-septiembre-de-2026\/#breadcrumb","itemListElement":[{"@type":"ListItem","position":1,"name":"Portada","item":"https:\/\/turismobotanico.es\/"},{"@type":"ListItem","position":2,"name":"Tienda","item":"https:\/\/turismobotanico.es\/tienda\/"},{"@type":"ListItem","position":3,"name":"Brabante Flamenco | Del 11 al 15 de Septiembre de 2026"}]},{"@type":"WebSite","@id":"https:\/\/turismobotanico.es\/#website","url":"https:\/\/turismobotanico.es\/","name":"Turismo Bot\u00e1nico","description":"Turismo de naturaleza","potentialAction":[{"@type":"SearchAction","target":{"@type":"EntryPoint","urlTemplate":"https:\/\/turismobotanico.es\/?s={search_term_string}"},"query-input":{"@type":"PropertyValueSpecification","valueRequired":true,"valueName":"search_term_string"}}],"inLanguage":"en-US"}]}},"_links":{"self":[{"href":"https:\/\/turismobotanico.es\/en\/wp-json\/wp\/v2\/product\/19780","targetHints":{"allow":["GET"]}}],"collection":[{"href":"https:\/\/turismobotanico.es\/en\/wp-json\/wp\/v2\/product"}],"about":[{"href":"https:\/\/turismobotanico.es\/en\/wp-json\/wp\/v2\/types\/product"}],"replies":[{"embeddable":true,"href":"https:\/\/turismobotanico.es\/en\/wp-json\/wp\/v2\/comments?post=19780"}],"version-history":[{"count":3,"href":"https:\/\/turismobotanico.es\/en\/wp-json\/wp\/v2\/product\/19780\/revisions"}],"predecessor-version":[{"id":19789,"href":"https:\/\/turismobotanico.es\/en\/wp-json\/wp\/v2\/product\/19780\/revisions\/19789"}],"wp:featuredmedia":[{"embeddable":true,"href":"https:\/\/turismobotanico.es\/en\/wp-json\/wp\/v2\/media\/19788"}],"wp:attachment":[{"href":"https:\/\/turismobotanico.es\/en\/wp-json\/wp\/v2\/media?parent=19780"}],"wp:term":[{"taxonomy":"product_brand","embeddable":true,"href":"https:\/\/turismobotanico.es\/en\/wp-json\/wp\/v2\/product_brand?post=19780"},{"taxonomy":"product_cat","embeddable":true,"href":"https:\/\/turismobotanico.es\/en\/wp-json\/wp\/v2\/product_cat?post=19780"},{"taxonomy":"product_tag","embeddable":true,"href":"https:\/\/turismobotanico.es\/en\/wp-json\/wp\/v2\/product_tag?post=19780"}],"curies":[{"name":"wp","href":"https:\/\/api.w.org\/{rel}","templated":true}]}}