{"id":20443,"date":"2026-03-12T10:52:36","date_gmt":"2026-03-12T10:52:36","guid":{"rendered":"https:\/\/turismobotanico.es\/?post_type=product&#038;p=20443"},"modified":"2026-03-12T11:23:20","modified_gmt":"2026-03-12T11:23:20","slug":"ardenas-el-corazon-verde-de-europa","status":"publish","type":"product","link":"https:\/\/turismobotanico.es\/en\/ardenas-el-corazon-verde-de-europa\/","title":{"rendered":"Las Ardenas: El coraz\u00f3n verde de Europa | 10-16 de julio 2026"},"content":{"rendered":"<p><a href=\"https:\/\/turismobotanico.es\/wp-content\/uploads\/2026\/03\/Las-Ardenas-El-corazon-verde-de-Europa.pdf\">VER EL PROGRAMA COMPLETO (RECOMENDADO).<\/a><\/p>\n<p><strong>INTER MOSAM ET RHENUM<\/strong><\/p>\n<p>Para quienes estudiamos lat\u00edn en su momento, las primeras visitas al abuelo de nuestro idioma pas\u00f3 en uno u otro momento por el c\u00e9lebre texto de C\u00e9sar que habla de los pueblos que habitaban los territorios frondosos \u201centre el Mosa y el Rin\u201d. Inter Mosam et Rhenum estaban las tierras y pueblos ambiguos que frenaban a los b\u00e1rbaros germ\u00e1nicos, gracias a los <strong>grandes r\u00edos y a un bosque omnipresente al que los romanos llamaron la Arduenna Silva, el \u201cbosque sobre colinas\u201d<\/strong>. Son Las Ardenas, un paisaje que hoy sigue siendo el mismo en muchos lugares entre B\u00e9lgica, Francia, Luxemburgo y un cachito de Alemania.<br \/>\nAl otro lado, Walha significaba \u201cel otro\u201d o \u201cel extranjero\u201d para los germanos, fundamentalmente cuando hablaban de los pueblos celtas que ya hab\u00edan sido romanizados. <strong>Los Walloons, hoy Valones, acabaron siendo aquellos que, al oeste del Rin, ya hablaban una primera lengua francesa<\/strong>. La Valonia y Las Ardenas, dependiendo desde qu\u00e9 lado de la Historia se mire y si hablamos de cultura o de paisaje. A nosotros nos interesan ambos.<\/p>\n<p><strong>Lo que es evidente es que, en este rinc\u00f3n, se tocan las dos realidades de Europa, la latina y la germ\u00e1nica<\/strong>, en medio de un territorio natural que siempre ha sido un desaf\u00edo, pese a no tener grandes monta\u00f1as. No extra\u00f1a que hoy est\u00e9 aqu\u00ed el Parlamento de todos los Europeos: estamos en el coraz\u00f3n de Europa y los libros de Historia nos recuerdan que, de hecho, las dos Guerras Mundiales tuvieron entre estas espesuras y riberas algunos de sus campos de batalla mas crueles.<br \/>\nEn este viaje, vamos a conocer un territorio verde que, a pesar de estar en el centro de nuestro poblad\u00edsimo continente, <strong>sigue bombeando agua y naturaleza, entre el Mosa y el Rin, pero tambi\u00e9n por el Semois, el Lesse o el Ourthe.<\/strong><\/p>\n<p><span data-path-to-node=\"4,0\"><span class=\"citation-79\">PRECIO POR PERSONA<\/span><span class=\"citation-79\"> INCLUYENDO: BILLETES DE AVI\u00d3N CON MALETA DE 10 KG Y TRANSPORTE COMPLETO DESDE ORIGEN Y EN DESTINO, <\/span><\/span><span data-path-to-node=\"4,4\"><span class=\"citation-78\">ALOJAMIENTO DURANTE 6 <\/span><span class=\"citation-78\">NOCHES<\/span> C<\/span><span data-path-to-node=\"4,7\"><span class=\"citation-77\">ON DESAYUNO, 2 CENAS, <\/span><\/span><span data-path-to-node=\"4,21\"><span class=\"citation-73\">GU\u00cdA LOCAL DE NATURALEZA Y CULTURA<\/span><span class=\"citation-73\">, ANTIKENCARD DE TR\u00c9VERIS PARA LA VISITA A DOS MONUMENTOS, DRAISINAS DE LA MOULIGN\u00c9E, CATA DE CERVEZA Y QUESO, VISITAS Y <\/span><\/span><span data-path-to-node=\"4,25\"><span class=\"citation-72\">ENTRADAS A ACTIVIDADES ESPECIFICADAS EN EL PROGRAMA,\u00a0<\/span><\/span><span data-path-to-node=\"4,28\"><span class=\"citation-71\">Y<\/span><\/span> <span data-path-to-node=\"4,35\"><span class=\"citation-69\">SEGUROS DE CANCELACI\u00d3N, ACCIDENTES Y RESPONSABILIDAD CIVIL: <strong>2 160<\/strong><b><span class=\"citation-79\"><strong>\u20ac<\/strong>.<\/span><\/b><\/span><\/span><\/p>\n<p>El alojamiento es\u00a0en habitaci\u00f3n doble.\u00a0Si vas solo, tendr\u00e1s que pagar el suplemento de\u00a0<strong>habitaci\u00f3n individual: 390\u20ac<\/strong>. A\u00f1\u00e1delo al carrito, desde la parte de abajo de la p\u00e1gina, en el siguiente paso de la reserva.<\/p>\n<p><a href=\"https:\/\/www.bujaldon-sl.com\/productos\/certificado\/prime-2-0\">PUEDE CONSULTAR LAS CONDICIONES DE ESTE SEGURO DE CANCELACI\u00d3N CLICANDO AQU\u00cd<\/a><\/p>\n<p><a href=\"https:\/\/turismobotanico.es\/en\/politica-de-cancelaciones\/\">PUEDES CONSULTAR AQU\u00cd NUESTRA POL\u00cdTICA DE CANCELACIONES<\/a><\/p>","protected":false},"excerpt":{"rendered":"<p><a href=\"https:\/\/turismobotanico.es\/wp-content\/uploads\/2026\/03\/Las-Ardenas-El-corazon-verde-de-Europa.pdf\">VER EL PROGRAMA COMPLETO (RECOMENDADO).<\/a><\/p>\n<p><strong>INTER MOSAM ET RHENUM<\/strong><\/p>\n<p>Para quienes estudiamos lat\u00edn en su momento, las primeras visitas al abuelo de nuestro idioma pas\u00f3 en uno u otro momento por el c\u00e9lebre texto de C\u00e9sar que habla de los pueblos que habitaban los territorios frondosos \u201centre el Mosa y el Rin\u201d. Inter Mosam et Rhenum estaban las tierras y pueblos ambiguos que frenaban a los b\u00e1rbaros germ\u00e1nicos, gracias a los <strong>grandes r\u00edos y a un bosque omnipresente al que los romanos llamaron la Arduenna Silva, el \u201cbosque sobre colinas\u201d<\/strong>. Son Las Ardenas, un paisaje que hoy sigue siendo el mismo en muchos lugares entre B\u00e9lgica, Francia, Luxemburgo y un cachito de Alemania.<br \/>\nAl otro lado, Walha significaba \u201cel otro\u201d o \u201cel extranjero\u201d para los germanos, fundamentalmente cuando hablaban de los pueblos celtas que ya hab\u00edan sido romanizados. <strong>Los Walloons, hoy Valones, acabaron siendo aquellos que, al oeste del Rin, ya hablaban una primera lengua francesa<\/strong>. La Valonia y Las Ardenas, dependiendo desde qu\u00e9 lado de la Historia se mire y si hablamos de cultura o de paisaje. A nosotros nos interesan ambos.<\/p>\n<p><strong>Lo que es evidente es que, en este rinc\u00f3n, se tocan las dos realidades de Europa, la latina y la germ\u00e1nica<\/strong>, en medio de un territorio natural que siempre ha sido un desaf\u00edo, pese a no tener grandes monta\u00f1as. No extra\u00f1a que hoy est\u00e9 aqu\u00ed el Parlamento de todos los Europeos: estamos en el coraz\u00f3n de Europa y los libros de Historia nos recuerdan que, de hecho, las dos Guerras Mundiales tuvieron entre estas espesuras y riberas algunos de sus campos de batalla mas crueles.<br \/>\nEn este viaje, vamos a conocer un territorio verde que, a pesar de estar en el centro de nuestro poblad\u00edsimo continente, <strong>sigue bombeando agua y naturaleza, entre el Mosa y el Rin, pero tambi\u00e9n por el Semois, el Lesse o el Ourthe.<\/strong><\/p>\n<p><span data-path-to-node=\"4,0\"><span class=\"citation-79\">PRECIO POR PERSONA<\/span><span class=\"citation-79\"> INCLUYENDO: BILLETES DE AVI\u00d3N CON MALETA DE 10 KG Y TRANSPORTE COMPLETO DESDE ORIGEN Y EN DESTINO, <\/span><\/span><span data-path-to-node=\"4,4\"><span class=\"citation-78\">ALOJAMIENTO DURANTE 6 <\/span><span class=\"citation-78\">NOCHES<\/span> C<\/span><span data-path-to-node=\"4,7\"><span class=\"citation-77\">ON DESAYUNO, 2 CENAS, <\/span><\/span><span data-path-to-node=\"4,21\"><span class=\"citation-73\">GU\u00cdA LOCAL DE NATURALEZA Y CULTURA<\/span><span class=\"citation-73\">, ANTIKENCARD DE TR\u00c9VERIS PARA LA VISITA A DOS MONUMENTOS, DRAISINAS DE LA MOULIGN\u00c9E, CATA DE CERVEZA Y QUESO, VISITAS Y <\/span><\/span><span data-path-to-node=\"4,25\"><span class=\"citation-72\">ENTRADAS A ACTIVIDADES ESPECIFICADAS EN EL PROGRAMA,\u00a0<\/span><\/span><span data-path-to-node=\"4,28\"><span class=\"citation-71\">Y<\/span><\/span> <span data-path-to-node=\"4,35\"><span class=\"citation-69\">SEGUROS DE CANCELACI\u00d3N, ACCIDENTES Y RESPONSABILIDAD CIVIL: <strong>2 160<\/strong><b><span class=\"citation-79\"><strong>\u20ac<\/strong>.<\/span><\/b><\/span><\/span><\/p>\n<p>El alojamiento es\u00a0en habitaci\u00f3n doble.\u00a0Si vas solo, tendr\u00e1s que pagar el suplemento de\u00a0<strong>habitaci\u00f3n individual: 390\u20ac<\/strong>. A\u00f1\u00e1delo al carrito, desde la parte de abajo de la p\u00e1gina, en el siguiente paso de la reserva.<\/p>\n<p><a href=\"https:\/\/www.bujaldon-sl.com\/productos\/certificado\/prime-2-0\">PUEDE CONSULTAR LAS CONDICIONES DE ESTE SEGURO DE CANCELACI\u00d3N CLICANDO AQU\u00cd<\/a><\/p>\n<p><a href=\"https:\/\/turismobotanico.es\/en\/politica-de-cancelaciones\/\">PUEDES CONSULTAR AQU\u00cd NUESTRA POL\u00cdTICA DE CANCELACIONES<\/a><\/p>","protected":false},"featured_media":20445,"comment_status":"closed","ping_status":"closed","template":"","meta":[],"product_brand":[],"product_cat":[54,55,130,133,45,62,134,106,56,53,132],"product_tag":[],"class_list":{"0":"post-20443","1":"product","2":"type-product","3":"status-publish","4":"has-post-thumbnail","6":"product_cat-albacete","7":"product_cat-alicante","8":"product_cat-cultura-natural","9":"product_cat-cultura-natural-2","10":"product_cat-destinos-por-region","11":"product_cat-escapadas-y-viajes-de-naturaleza-en-europa-y-el-mundo","12":"product_cat-escapadas-y-viajes-de-naturaleza-por-el-mundo-y-europa","13":"product_cat-europa","14":"product_cat-madrid","15":"product_cat-murcia","16":"product_cat-viajes-de-naturaleza","18":"first","19":"instock","20":"virtual","21":"purchasable","22":"product-type-simple"},"yoast_head":"<!-- This site is optimized with the Yoast SEO plugin v27.4 - https:\/\/yoast.com\/product\/yoast-seo-wordpress\/ -->\n<title>Las Ardenas: El coraz\u00f3n verde de Europa | 10-16 de julio 2026 - Turismo Bot\u00e1nico<\/title>\n<meta name=\"description\" content=\"Nos vamos a conocer el coraz\u00f3n verde de nuestro continente, que sigue bombeando agua y naturaleza, entre el Mosa y el Rin, te lo vas a perder?\" \/>\n<meta name=\"robots\" content=\"index, follow, max-snippet:-1, max-image-preview:large, max-video-preview:-1\" \/>\n<link rel=\"canonical\" href=\"https:\/\/turismobotanico.es\/en\/ardenas-el-corazon-verde-de-europa\/\" \/>\n<meta property=\"og:locale\" content=\"en_US\" \/>\n<meta property=\"og:type\" content=\"article\" \/>\n<meta property=\"og:title\" content=\"Las Ardenas: El coraz\u00f3n verde de Europa | 10-16 de julio 2026 - Turismo Bot\u00e1nico\" \/>\n<meta property=\"og:description\" content=\"Nos vamos a conocer el coraz\u00f3n verde de nuestro continente, que sigue bombeando agua y naturaleza, entre el Mosa y el Rin, te lo vas a perder?\" \/>\n<meta property=\"og:url\" content=\"https:\/\/turismobotanico.es\/en\/ardenas-el-corazon-verde-de-europa\/\" \/>\n<meta property=\"og:site_name\" content=\"Turismo Bot\u00e1nico\" \/>\n<meta property=\"article:modified_time\" content=\"2026-03-12T11:23:20+00:00\" \/>\n<meta property=\"og:image\" content=\"https:\/\/turismobotanico.es\/wp-content\/uploads\/2026\/03\/WhatsApp-Image-2026-03-12-at-12.02.19.jpeg\" \/>\n\t<meta property=\"og:image:width\" content=\"759\" \/>\n\t<meta property=\"og:image:height\" content=\"615\" \/>\n\t<meta property=\"og:image:type\" content=\"image\/jpeg\" \/>\n<meta name=\"twitter:card\" content=\"summary_large_image\" \/>\n<meta name=\"twitter:label1\" content=\"Est. reading time\" \/>\n\t<meta name=\"twitter:data1\" content=\"3 minutes\" \/>\n<script type=\"application\/ld+json\" class=\"yoast-schema-graph\">{\"@context\":\"https:\\\/\\\/schema.org\",\"@graph\":[{\"@type\":\"WebPage\",\"@id\":\"https:\\\/\\\/turismobotanico.es\\\/ardenas-el-corazon-verde-de-europa\\\/\",\"url\":\"https:\\\/\\\/turismobotanico.es\\\/ardenas-el-corazon-verde-de-europa\\\/\",\"name\":\"Las Ardenas: El coraz\u00f3n verde de Europa | 10-16 de julio 2026 - Turismo Bot\u00e1nico\",\"isPartOf\":{\"@id\":\"https:\\\/\\\/turismobotanico.es\\\/#website\"},\"primaryImageOfPage\":{\"@id\":\"https:\\\/\\\/turismobotanico.es\\\/ardenas-el-corazon-verde-de-europa\\\/#primaryimage\"},\"image\":{\"@id\":\"https:\\\/\\\/turismobotanico.es\\\/ardenas-el-corazon-verde-de-europa\\\/#primaryimage\"},\"thumbnailUrl\":\"https:\\\/\\\/turismobotanico.es\\\/wp-content\\\/uploads\\\/2026\\\/03\\\/WhatsApp-Image-2026-03-12-at-12.02.19.jpeg\",\"datePublished\":\"2026-03-12T10:52:36+00:00\",\"dateModified\":\"2026-03-12T11:23:20+00:00\",\"description\":\"Nos vamos a conocer el coraz\u00f3n verde de nuestro continente, que sigue bombeando agua y naturaleza, entre el Mosa y el Rin, te lo vas a perder?\",\"breadcrumb\":{\"@id\":\"https:\\\/\\\/turismobotanico.es\\\/ardenas-el-corazon-verde-de-europa\\\/#breadcrumb\"},\"inLanguage\":\"en-US\",\"potentialAction\":[{\"@type\":\"ReadAction\",\"target\":[\"https:\\\/\\\/turismobotanico.es\\\/ardenas-el-corazon-verde-de-europa\\\/\"]}]},{\"@type\":\"ImageObject\",\"inLanguage\":\"en-US\",\"@id\":\"https:\\\/\\\/turismobotanico.es\\\/ardenas-el-corazon-verde-de-europa\\\/#primaryimage\",\"url\":\"https:\\\/\\\/turismobotanico.es\\\/wp-content\\\/uploads\\\/2026\\\/03\\\/WhatsApp-Image-2026-03-12-at-12.02.19.jpeg\",\"contentUrl\":\"https:\\\/\\\/turismobotanico.es\\\/wp-content\\\/uploads\\\/2026\\\/03\\\/WhatsApp-Image-2026-03-12-at-12.02.19.jpeg\",\"width\":759,\"height\":615},{\"@type\":\"BreadcrumbList\",\"@id\":\"https:\\\/\\\/turismobotanico.es\\\/ardenas-el-corazon-verde-de-europa\\\/#breadcrumb\",\"itemListElement\":[{\"@type\":\"ListItem\",\"position\":1,\"name\":\"Portada\",\"item\":\"https:\\\/\\\/turismobotanico.es\\\/\"},{\"@type\":\"ListItem\",\"position\":2,\"name\":\"Tienda\",\"item\":\"https:\\\/\\\/turismobotanico.es\\\/tienda\\\/\"},{\"@type\":\"ListItem\",\"position\":3,\"name\":\"Las Ardenas: El coraz\u00f3n verde de Europa | 10-16 de julio 2026\"}]},{\"@type\":\"WebSite\",\"@id\":\"https:\\\/\\\/turismobotanico.es\\\/#website\",\"url\":\"https:\\\/\\\/turismobotanico.es\\\/\",\"name\":\"Turismo Bot\u00e1nico\",\"description\":\"Turismo de naturaleza\",\"potentialAction\":[{\"@type\":\"SearchAction\",\"target\":{\"@type\":\"EntryPoint\",\"urlTemplate\":\"https:\\\/\\\/turismobotanico.es\\\/?s={search_term_string}\"},\"query-input\":{\"@type\":\"PropertyValueSpecification\",\"valueRequired\":true,\"valueName\":\"search_term_string\"}}],\"inLanguage\":\"en-US\"}]}<\/script>\n<!-- \/ Yoast SEO plugin. -->","yoast_head_json":{"title":"Las Ardenas: El coraz\u00f3n verde de Europa | 10-16 de julio 2026 - Turismo Bot\u00e1nico","description":"Nos vamos a conocer el coraz\u00f3n verde de nuestro continente, que sigue bombeando agua y naturaleza, entre el Mosa y el Rin, te lo vas a perder?","robots":{"index":"index","follow":"follow","max-snippet":"max-snippet:-1","max-image-preview":"max-image-preview:large","max-video-preview":"max-video-preview:-1"},"canonical":"https:\/\/turismobotanico.es\/en\/ardenas-el-corazon-verde-de-europa\/","og_locale":"en_US","og_type":"article","og_title":"Las Ardenas: El coraz\u00f3n verde de Europa | 10-16 de julio 2026 - Turismo Bot\u00e1nico","og_description":"Nos vamos a conocer el coraz\u00f3n verde de nuestro continente, que sigue bombeando agua y naturaleza, entre el Mosa y el Rin, te lo vas a perder?","og_url":"https:\/\/turismobotanico.es\/en\/ardenas-el-corazon-verde-de-europa\/","og_site_name":"Turismo Bot\u00e1nico","article_modified_time":"2026-03-12T11:23:20+00:00","og_image":[{"width":759,"height":615,"url":"https:\/\/turismobotanico.es\/wp-content\/uploads\/2026\/03\/WhatsApp-Image-2026-03-12-at-12.02.19.jpeg","type":"image\/jpeg"}],"twitter_card":"summary_large_image","twitter_misc":{"Est. reading time":"3 minutes"},"schema":{"@context":"https:\/\/schema.org","@graph":[{"@type":"WebPage","@id":"https:\/\/turismobotanico.es\/ardenas-el-corazon-verde-de-europa\/","url":"https:\/\/turismobotanico.es\/ardenas-el-corazon-verde-de-europa\/","name":"Las Ardenas: El coraz\u00f3n verde de Europa | 10-16 de julio 2026 - Turismo Bot\u00e1nico","isPartOf":{"@id":"https:\/\/turismobotanico.es\/#website"},"primaryImageOfPage":{"@id":"https:\/\/turismobotanico.es\/ardenas-el-corazon-verde-de-europa\/#primaryimage"},"image":{"@id":"https:\/\/turismobotanico.es\/ardenas-el-corazon-verde-de-europa\/#primaryimage"},"thumbnailUrl":"https:\/\/turismobotanico.es\/wp-content\/uploads\/2026\/03\/WhatsApp-Image-2026-03-12-at-12.02.19.jpeg","datePublished":"2026-03-12T10:52:36+00:00","dateModified":"2026-03-12T11:23:20+00:00","description":"Nos vamos a conocer el coraz\u00f3n verde de nuestro continente, que sigue bombeando agua y naturaleza, entre el Mosa y el Rin, te lo vas a perder?","breadcrumb":{"@id":"https:\/\/turismobotanico.es\/ardenas-el-corazon-verde-de-europa\/#breadcrumb"},"inLanguage":"en-US","potentialAction":[{"@type":"ReadAction","target":["https:\/\/turismobotanico.es\/ardenas-el-corazon-verde-de-europa\/"]}]},{"@type":"ImageObject","inLanguage":"en-US","@id":"https:\/\/turismobotanico.es\/ardenas-el-corazon-verde-de-europa\/#primaryimage","url":"https:\/\/turismobotanico.es\/wp-content\/uploads\/2026\/03\/WhatsApp-Image-2026-03-12-at-12.02.19.jpeg","contentUrl":"https:\/\/turismobotanico.es\/wp-content\/uploads\/2026\/03\/WhatsApp-Image-2026-03-12-at-12.02.19.jpeg","width":759,"height":615},{"@type":"BreadcrumbList","@id":"https:\/\/turismobotanico.es\/ardenas-el-corazon-verde-de-europa\/#breadcrumb","itemListElement":[{"@type":"ListItem","position":1,"name":"Portada","item":"https:\/\/turismobotanico.es\/"},{"@type":"ListItem","position":2,"name":"Tienda","item":"https:\/\/turismobotanico.es\/tienda\/"},{"@type":"ListItem","position":3,"name":"Las Ardenas: El coraz\u00f3n verde de Europa | 10-16 de julio 2026"}]},{"@type":"WebSite","@id":"https:\/\/turismobotanico.es\/#website","url":"https:\/\/turismobotanico.es\/","name":"Turismo Bot\u00e1nico","description":"Turismo de naturaleza","potentialAction":[{"@type":"SearchAction","target":{"@type":"EntryPoint","urlTemplate":"https:\/\/turismobotanico.es\/?s={search_term_string}"},"query-input":{"@type":"PropertyValueSpecification","valueRequired":true,"valueName":"search_term_string"}}],"inLanguage":"en-US"}]}},"_links":{"self":[{"href":"https:\/\/turismobotanico.es\/en\/wp-json\/wp\/v2\/product\/20443","targetHints":{"allow":["GET"]}}],"collection":[{"href":"https:\/\/turismobotanico.es\/en\/wp-json\/wp\/v2\/product"}],"about":[{"href":"https:\/\/turismobotanico.es\/en\/wp-json\/wp\/v2\/types\/product"}],"replies":[{"embeddable":true,"href":"https:\/\/turismobotanico.es\/en\/wp-json\/wp\/v2\/comments?post=20443"}],"version-history":[{"count":2,"href":"https:\/\/turismobotanico.es\/en\/wp-json\/wp\/v2\/product\/20443\/revisions"}],"predecessor-version":[{"id":20449,"href":"https:\/\/turismobotanico.es\/en\/wp-json\/wp\/v2\/product\/20443\/revisions\/20449"}],"wp:featuredmedia":[{"embeddable":true,"href":"https:\/\/turismobotanico.es\/en\/wp-json\/wp\/v2\/media\/20445"}],"wp:attachment":[{"href":"https:\/\/turismobotanico.es\/en\/wp-json\/wp\/v2\/media?parent=20443"}],"wp:term":[{"taxonomy":"product_brand","embeddable":true,"href":"https:\/\/turismobotanico.es\/en\/wp-json\/wp\/v2\/product_brand?post=20443"},{"taxonomy":"product_cat","embeddable":true,"href":"https:\/\/turismobotanico.es\/en\/wp-json\/wp\/v2\/product_cat?post=20443"},{"taxonomy":"product_tag","embeddable":true,"href":"https:\/\/turismobotanico.es\/en\/wp-json\/wp\/v2\/product_tag?post=20443"}],"curies":[{"name":"wp","href":"https:\/\/api.w.org\/{rel}","templated":true}]}}