{"id":20522,"date":"2026-03-17T09:37:22","date_gmt":"2026-03-17T09:37:22","guid":{"rendered":"https:\/\/turismobotanico.es\/?post_type=product&#038;p=20522"},"modified":"2026-03-17T09:38:49","modified_gmt":"2026-03-17T09:38:49","slug":"mesetas-del-karadeniz-turquia-10-18-de-agosto-2026-reserva","status":"publish","type":"product","link":"https:\/\/turismobotanico.es\/en\/mesetas-del-karadeniz-turquia-10-18-de-agosto-2026-reserva\/","title":{"rendered":"Mesetas del Karadeniz, Turqu\u00eda: El Frescor del Mar Negro | 10-18 de agosto 2026 | Reserva"},"content":{"rendered":"<p><a href=\"https:\/\/turismobotanico.es\/wp-content\/uploads\/2026\/02\/Karadeniz_2026.pdf\">VER EL PROGRAMA COMPLETO (RECOMENDADO).<\/a><\/p>\n<p><strong>DONDE EL MAR NEGRO CASI CAMBIA DE PA\u00cdS<\/strong><\/p>\n<p>Muchas veces nos proponemos viajar a lugares donde el turismo de masas no ha llegado. Turqu\u00eda es inmensa, y no vamos a desmerecer joyas culturales como Estambul o naturales como la Capadocia. Pero, \u00bfy si nos vamos al Este de Turqu\u00eda? Entre las costas del mar negro y las moles monta\u00f1osas de los montes P\u00f3nticos. Ah\u00ed confiamos descubrir maravillas naturales \u00fanicas a una temperatura m\u00e1xima esperada en verano de 26 grados.<br \/>\nOs presentamos este viaje a la regi\u00f3n del Mar Negro del Este Turco. Zona de mesetas y grandes valles. Con el objetivo puesto en el valle de Ryze, vamos a descubrir algunas de las maravillas naturales m\u00e1s bonitas de este lugar.<br \/>\nPor poner en una lista. Comenzaremos haciendo varias caminatas por las mesetas de Pokut y Sal. Una primera incursi\u00f3n por encima de los 1000 metros de altitud que nos mostrar\u00e1n vergeles poco habituales en nuestro ojos. Adem\u00e1s, con un potente elemento cultural para conocer mejor la manera de vivir de los habitantes de este lugar.<br \/>\nSiguiente, el Valle de Firtina. Tierra de castillos, bosques y cascadas. No podemos dejar pasar la oportunidad de caminar tambi\u00e9n por la meseta de Hazindak.<br \/>\nDespu\u00e9s, nos moveremos a las inmediaciones de Ayder para conocer elementos culturales como el puente de Hala, y las cascadas de nubes tan caracter\u00edsticas de esta zona. Desde la reserva natural de Avusor Yaylasi podremos verlo todo ya que en este d\u00eda ganaremos m\u00e1s altitud.<br \/>\nY el \u00faltimo de los valles ser\u00e1 el Valle de \u00c7at y otros lugares naturales que nos llevar\u00e1n a la ciudad de Trebisonda, el \u00faltimo de los eslabones culturales que conoceremos. Todo eso sin olvidar con tiempo para visitar Estambul y el bosque de Belgrado, su pulm\u00f3n verde.<br \/>\n\u00bfQu\u00e9 m\u00e1s se puede pedir?<\/p>\n<p><span data-path-to-node=\"4,0\"><span class=\"citation-79\">PRECIO POR PERSONA<\/span><span class=\"citation-79\"> INCLUYENDO: BILLETES DE AVI\u00d3N Y TRANSPORTE COMPLETO DESDE ORIGEN Y EN DESTINO, <\/span><\/span><span data-path-to-node=\"4,4\"><span class=\"citation-78\">ALOJAMIENTO DURANTE 8 <\/span><span class=\"citation-78\">NOCHES<\/span> C<\/span><span data-path-to-node=\"4,7\"><span class=\"citation-77\">ON DESAYUNO INCLU\u00cdDO, COMIDAS Y PICNICS DE LOS D\u00cdAS 12, 13, 14 Y 15 DE AGOSTO,<\/span><\/span><span data-path-to-node=\"4,21\"><span class=\"citation-73\">\u00a0VISITAS Y <\/span><\/span><span data-path-to-node=\"4,25\"><span class=\"citation-72\">ENTRADAS A ACTIVIDADES ESPECIFICADAS EN EL PROGRAMA,\u00a0<\/span><\/span><span data-path-to-node=\"4,28\"><span class=\"citation-71\">Y<\/span><\/span> <span data-path-to-node=\"4,35\"><span class=\"citation-69\">SEGUROS DE CANCELACI\u00d3N, ACCIDENTES Y RESPONSABILIDAD CIVIL: <strong>2 750<\/strong><b><span class=\"citation-79\"><strong>\u20ac<\/strong>.<\/span><\/b><\/span><\/span><\/p>\n<p>El alojamiento es\u00a0en habitaci\u00f3n doble.\u00a0Si vas solo, tendr\u00e1s que pagar el suplemento de\u00a0<strong>habitaci\u00f3n individual: 300\u20ac<\/strong>. A\u00f1\u00e1delo al carrito, desde la parte de abajo de la p\u00e1gina, en el siguiente paso de la reserva.<\/p>\n<p><a href=\"https:\/\/www.bujaldon-sl.com\/productos\/certificado\/prime-2-0\">PUEDE CONSULTAR LAS CONDICIONES DE ESTE SEGURO DE CANCELACI\u00d3N CLICANDO AQU\u00cd<\/a><\/p>\n<p><a href=\"https:\/\/turismobotanico.es\/en\/politica-de-cancelaciones\/\">PUEDES CONSULTAR AQU\u00cd NUESTRA POL\u00cdTICA DE CANCELACIONES<\/a><\/p>","protected":false},"excerpt":{"rendered":"<p>&nbsp;<\/p>\n<p><a href=\"https:\/\/turismobotanico.es\/wp-content\/uploads\/2026\/02\/Karadeniz_2026.pdf\">VER EL PROGRAMA COMPLETO (RECOMENDADO).<\/a><\/p>\n<p><strong>DONDE EL MAR NEGRO CASI CAMBIA DE PA\u00cdS<\/strong><\/p>\n<p>Muchas veces nos proponemos viajar a lugares donde el turismo de masas no ha llegado. Turqu\u00eda es inmensa, y no vamos a desmerecer joyas culturales como Estambul o naturales como la Capadocia. Pero, \u00bfy si nos vamos al Este de Turqu\u00eda? Entre las costas del mar negro y las moles monta\u00f1osas de los montes P\u00f3nticos. Ah\u00ed confiamos descubrir maravillas naturales \u00fanicas a una temperatura m\u00e1xima esperada en verano de 26 grados.<br \/>\nOs presentamos este viaje a la regi\u00f3n del Mar Negro del Este Turco. Zona de mesetas y grandes valles. Con el objetivo puesto en el valle de Ryze, vamos a descubrir algunas de las maravillas naturales m\u00e1s bonitas de este lugar.<br \/>\nPor poner en una lista. Comenzaremos haciendo varias caminatas por las mesetas de Pokut y Sal. Una primera incursi\u00f3n por encima de los 1000 metros de altitud que nos mostrar\u00e1n vergeles poco habituales en nuestro ojos. Adem\u00e1s, con un potente elemento cultural para conocer mejor la manera de vivir de los habitantes de este lugar.<br \/>\nSiguiente, el Valle de Firtina. Tierra de castillos, bosques y cascadas. No podemos dejar pasar la oportunidad de caminar tambi\u00e9n por la meseta de Hazindak.<br \/>\nDespu\u00e9s, nos moveremos a las inmediaciones de Ayder para conocer elementos culturales como el puente de Hala, y las cascadas de nubes tan caracter\u00edsticas de esta zona. Desde la reserva natural de Avusor Yaylasi podremos verlo todo ya que en este d\u00eda ganaremos m\u00e1s altitud.<br \/>\nY el \u00faltimo de los valles ser\u00e1 el Valle de \u00c7at y otros lugares naturales que nos llevar\u00e1n a la ciudad de Trebisonda, el \u00faltimo de los eslabones culturales que conoceremos. Todo eso sin olvidar con tiempo para visitar Estambul y el bosque de Belgrado, su pulm\u00f3n verde.<br \/>\n\u00bfQu\u00e9 m\u00e1s se puede pedir?<\/p>\n<p><span data-path-to-node=\"4,0\"><span class=\"citation-79\">PRECIO POR PERSONA<\/span><span class=\"citation-79\"> INCLUYENDO: BILLETES DE AVI\u00d3N Y TRANSPORTE COMPLETO DESDE ORIGEN Y EN DESTINO, <\/span><\/span><span data-path-to-node=\"4,4\"><span class=\"citation-78\">ALOJAMIENTO DURANTE 8 <\/span><span class=\"citation-78\">NOCHES<\/span> C<\/span><span data-path-to-node=\"4,7\"><span class=\"citation-77\">ON DESAYUNO INCLU\u00cdDO, COMIDAS Y PICNICS DE LOS D\u00cdAS 12, 13, 14 Y 15 DE AGOSTO,<\/span><\/span><span data-path-to-node=\"4,21\"><span class=\"citation-73\">\u00a0VISITAS Y <\/span><\/span><span data-path-to-node=\"4,25\"><span class=\"citation-72\">ENTRADAS A ACTIVIDADES ESPECIFICADAS EN EL PROGRAMA,\u00a0<\/span><\/span><span data-path-to-node=\"4,28\"><span class=\"citation-71\">Y<\/span><\/span> <span data-path-to-node=\"4,35\"><span class=\"citation-69\">SEGUROS DE CANCELACI\u00d3N, ACCIDENTES Y RESPONSABILIDAD CIVIL: <strong>2 750<\/strong><b><span class=\"citation-79\"><strong>\u20ac<\/strong>.<\/span><\/b><\/span><\/span><\/p>\n<p>El alojamiento es\u00a0en habitaci\u00f3n doble.\u00a0Si vas solo, tendr\u00e1s que pagar el suplemento de\u00a0<strong>habitaci\u00f3n individual: 300\u20ac<\/strong>. A\u00f1\u00e1delo al carrito, desde la parte de abajo de la p\u00e1gina, en el siguiente paso de la reserva.<\/p>\n<p><a href=\"https:\/\/www.bujaldon-sl.com\/productos\/certificado\/prime-2-0\">PUEDE CONSULTAR LAS CONDICIONES DE ESTE SEGURO DE CANCELACI\u00d3N CLICANDO AQU\u00cd<\/a><\/p>\n<p><a href=\"https:\/\/turismobotanico.es\/en\/politica-de-cancelaciones\/\">PUEDES CONSULTAR AQU\u00cd NUESTRA POL\u00cdTICA DE CANCELACIONES<\/a><\/p>","protected":false},"featured_media":20516,"comment_status":"closed","ping_status":"closed","template":"","meta":[],"product_brand":[],"product_cat":[115],"product_tag":[],"class_list":{"0":"post-20522","1":"product","2":"type-product","3":"status-publish","4":"has-post-thumbnail","6":"product_cat-sin-categoria","8":"first","9":"instock","10":"virtual","11":"purchasable","12":"product-type-simple"},"yoast_head":"<!-- This site is optimized with the Yoast SEO plugin v27.5 - https:\/\/yoast.com\/product\/yoast-seo-wordpress\/ -->\n<title>Mesetas del Karadeniz, Turqu\u00eda: El Frescor del Mar Negro | 10-18 de agosto 2026 | Reserva - Turismo Bot\u00e1nico<\/title>\n<meta name=\"description\" content=\"Entre las costas del mar negro y las moles monta\u00f1osas de los montes P\u00f3nticos, descubriremos maravillas naturales \u00fanicas, te lo vas a perder?\" \/>\n<meta name=\"robots\" content=\"index, follow, max-snippet:-1, max-image-preview:large, max-video-preview:-1\" \/>\n<link rel=\"canonical\" href=\"https:\/\/turismobotanico.es\/en\/mesetas-del-karadeniz-turquia-10-18-de-agosto-2026-reserva\/\" \/>\n<meta property=\"og:locale\" content=\"en_US\" \/>\n<meta property=\"og:type\" content=\"article\" \/>\n<meta property=\"og:title\" content=\"Mesetas del Karadeniz, Turqu\u00eda: El Frescor del Mar Negro | 10-18 de agosto 2026 | Reserva - Turismo Bot\u00e1nico\" \/>\n<meta property=\"og:description\" content=\"Entre las costas del mar negro y las moles monta\u00f1osas de los montes P\u00f3nticos, descubriremos maravillas naturales \u00fanicas, te lo vas a perder?\" \/>\n<meta property=\"og:url\" content=\"https:\/\/turismobotanico.es\/en\/mesetas-del-karadeniz-turquia-10-18-de-agosto-2026-reserva\/\" \/>\n<meta property=\"og:site_name\" content=\"Turismo Bot\u00e1nico\" \/>\n<meta property=\"article:modified_time\" content=\"2026-03-17T09:38:49+00:00\" \/>\n<meta property=\"og:image\" content=\"https:\/\/turismobotanico.es\/wp-content\/uploads\/2026\/03\/WhatsApp-Image-2026-03-17-at-10.30.13.jpeg\" \/>\n\t<meta property=\"og:image:width\" content=\"665\" \/>\n\t<meta property=\"og:image:height\" content=\"612\" \/>\n\t<meta property=\"og:image:type\" content=\"image\/jpeg\" \/>\n<meta name=\"twitter:card\" content=\"summary_large_image\" \/>\n<meta name=\"twitter:label1\" content=\"Est. reading time\" \/>\n\t<meta name=\"twitter:data1\" content=\"3 minutes\" \/>\n<script type=\"application\/ld+json\" class=\"yoast-schema-graph\">{\"@context\":\"https:\\\/\\\/schema.org\",\"@graph\":[{\"@type\":\"WebPage\",\"@id\":\"https:\\\/\\\/turismobotanico.es\\\/mesetas-del-karadeniz-turquia-10-18-de-agosto-2026-reserva\\\/\",\"url\":\"https:\\\/\\\/turismobotanico.es\\\/mesetas-del-karadeniz-turquia-10-18-de-agosto-2026-reserva\\\/\",\"name\":\"Mesetas del Karadeniz, Turqu\u00eda: El Frescor del Mar Negro | 10-18 de agosto 2026 | Reserva - Turismo Bot\u00e1nico\",\"isPartOf\":{\"@id\":\"https:\\\/\\\/turismobotanico.es\\\/#website\"},\"primaryImageOfPage\":{\"@id\":\"https:\\\/\\\/turismobotanico.es\\\/mesetas-del-karadeniz-turquia-10-18-de-agosto-2026-reserva\\\/#primaryimage\"},\"image\":{\"@id\":\"https:\\\/\\\/turismobotanico.es\\\/mesetas-del-karadeniz-turquia-10-18-de-agosto-2026-reserva\\\/#primaryimage\"},\"thumbnailUrl\":\"https:\\\/\\\/turismobotanico.es\\\/wp-content\\\/uploads\\\/2026\\\/03\\\/WhatsApp-Image-2026-03-17-at-10.30.13.jpeg\",\"datePublished\":\"2026-03-17T09:37:22+00:00\",\"dateModified\":\"2026-03-17T09:38:49+00:00\",\"description\":\"Entre las costas del mar negro y las moles monta\u00f1osas de los montes P\u00f3nticos, descubriremos maravillas naturales \u00fanicas, te lo vas a perder?\",\"breadcrumb\":{\"@id\":\"https:\\\/\\\/turismobotanico.es\\\/mesetas-del-karadeniz-turquia-10-18-de-agosto-2026-reserva\\\/#breadcrumb\"},\"inLanguage\":\"en-US\",\"potentialAction\":[{\"@type\":\"ReadAction\",\"target\":[\"https:\\\/\\\/turismobotanico.es\\\/mesetas-del-karadeniz-turquia-10-18-de-agosto-2026-reserva\\\/\"]}]},{\"@type\":\"ImageObject\",\"inLanguage\":\"en-US\",\"@id\":\"https:\\\/\\\/turismobotanico.es\\\/mesetas-del-karadeniz-turquia-10-18-de-agosto-2026-reserva\\\/#primaryimage\",\"url\":\"https:\\\/\\\/turismobotanico.es\\\/wp-content\\\/uploads\\\/2026\\\/03\\\/WhatsApp-Image-2026-03-17-at-10.30.13.jpeg\",\"contentUrl\":\"https:\\\/\\\/turismobotanico.es\\\/wp-content\\\/uploads\\\/2026\\\/03\\\/WhatsApp-Image-2026-03-17-at-10.30.13.jpeg\",\"width\":665,\"height\":612},{\"@type\":\"BreadcrumbList\",\"@id\":\"https:\\\/\\\/turismobotanico.es\\\/mesetas-del-karadeniz-turquia-10-18-de-agosto-2026-reserva\\\/#breadcrumb\",\"itemListElement\":[{\"@type\":\"ListItem\",\"position\":1,\"name\":\"Portada\",\"item\":\"https:\\\/\\\/turismobotanico.es\\\/\"},{\"@type\":\"ListItem\",\"position\":2,\"name\":\"Tienda\",\"item\":\"https:\\\/\\\/turismobotanico.es\\\/tienda\\\/\"},{\"@type\":\"ListItem\",\"position\":3,\"name\":\"Mesetas del Karadeniz, Turqu\u00eda: El Frescor del Mar Negro | 10-18 de agosto 2026 | Reserva\"}]},{\"@type\":\"WebSite\",\"@id\":\"https:\\\/\\\/turismobotanico.es\\\/#website\",\"url\":\"https:\\\/\\\/turismobotanico.es\\\/\",\"name\":\"Turismo Bot\u00e1nico\",\"description\":\"Turismo de naturaleza\",\"potentialAction\":[{\"@type\":\"SearchAction\",\"target\":{\"@type\":\"EntryPoint\",\"urlTemplate\":\"https:\\\/\\\/turismobotanico.es\\\/?s={search_term_string}\"},\"query-input\":{\"@type\":\"PropertyValueSpecification\",\"valueRequired\":true,\"valueName\":\"search_term_string\"}}],\"inLanguage\":\"en-US\"}]}<\/script>\n<!-- \/ Yoast SEO plugin. -->","yoast_head_json":{"title":"Mesetas del Karadeniz, Turqu\u00eda: El Frescor del Mar Negro | 10-18 de agosto 2026 | Reserva - Turismo Bot\u00e1nico","description":"Entre las costas del mar negro y las moles monta\u00f1osas de los montes P\u00f3nticos, descubriremos maravillas naturales \u00fanicas, te lo vas a perder?","robots":{"index":"index","follow":"follow","max-snippet":"max-snippet:-1","max-image-preview":"max-image-preview:large","max-video-preview":"max-video-preview:-1"},"canonical":"https:\/\/turismobotanico.es\/en\/mesetas-del-karadeniz-turquia-10-18-de-agosto-2026-reserva\/","og_locale":"en_US","og_type":"article","og_title":"Mesetas del Karadeniz, Turqu\u00eda: El Frescor del Mar Negro | 10-18 de agosto 2026 | Reserva - Turismo Bot\u00e1nico","og_description":"Entre las costas del mar negro y las moles monta\u00f1osas de los montes P\u00f3nticos, descubriremos maravillas naturales \u00fanicas, te lo vas a perder?","og_url":"https:\/\/turismobotanico.es\/en\/mesetas-del-karadeniz-turquia-10-18-de-agosto-2026-reserva\/","og_site_name":"Turismo Bot\u00e1nico","article_modified_time":"2026-03-17T09:38:49+00:00","og_image":[{"width":665,"height":612,"url":"https:\/\/turismobotanico.es\/wp-content\/uploads\/2026\/03\/WhatsApp-Image-2026-03-17-at-10.30.13.jpeg","type":"image\/jpeg"}],"twitter_card":"summary_large_image","twitter_misc":{"Est. reading time":"3 minutes"},"schema":{"@context":"https:\/\/schema.org","@graph":[{"@type":"WebPage","@id":"https:\/\/turismobotanico.es\/mesetas-del-karadeniz-turquia-10-18-de-agosto-2026-reserva\/","url":"https:\/\/turismobotanico.es\/mesetas-del-karadeniz-turquia-10-18-de-agosto-2026-reserva\/","name":"Mesetas del Karadeniz, Turqu\u00eda: El Frescor del Mar Negro | 10-18 de agosto 2026 | Reserva - Turismo Bot\u00e1nico","isPartOf":{"@id":"https:\/\/turismobotanico.es\/#website"},"primaryImageOfPage":{"@id":"https:\/\/turismobotanico.es\/mesetas-del-karadeniz-turquia-10-18-de-agosto-2026-reserva\/#primaryimage"},"image":{"@id":"https:\/\/turismobotanico.es\/mesetas-del-karadeniz-turquia-10-18-de-agosto-2026-reserva\/#primaryimage"},"thumbnailUrl":"https:\/\/turismobotanico.es\/wp-content\/uploads\/2026\/03\/WhatsApp-Image-2026-03-17-at-10.30.13.jpeg","datePublished":"2026-03-17T09:37:22+00:00","dateModified":"2026-03-17T09:38:49+00:00","description":"Entre las costas del mar negro y las moles monta\u00f1osas de los montes P\u00f3nticos, descubriremos maravillas naturales \u00fanicas, te lo vas a perder?","breadcrumb":{"@id":"https:\/\/turismobotanico.es\/mesetas-del-karadeniz-turquia-10-18-de-agosto-2026-reserva\/#breadcrumb"},"inLanguage":"en-US","potentialAction":[{"@type":"ReadAction","target":["https:\/\/turismobotanico.es\/mesetas-del-karadeniz-turquia-10-18-de-agosto-2026-reserva\/"]}]},{"@type":"ImageObject","inLanguage":"en-US","@id":"https:\/\/turismobotanico.es\/mesetas-del-karadeniz-turquia-10-18-de-agosto-2026-reserva\/#primaryimage","url":"https:\/\/turismobotanico.es\/wp-content\/uploads\/2026\/03\/WhatsApp-Image-2026-03-17-at-10.30.13.jpeg","contentUrl":"https:\/\/turismobotanico.es\/wp-content\/uploads\/2026\/03\/WhatsApp-Image-2026-03-17-at-10.30.13.jpeg","width":665,"height":612},{"@type":"BreadcrumbList","@id":"https:\/\/turismobotanico.es\/mesetas-del-karadeniz-turquia-10-18-de-agosto-2026-reserva\/#breadcrumb","itemListElement":[{"@type":"ListItem","position":1,"name":"Portada","item":"https:\/\/turismobotanico.es\/"},{"@type":"ListItem","position":2,"name":"Tienda","item":"https:\/\/turismobotanico.es\/tienda\/"},{"@type":"ListItem","position":3,"name":"Mesetas del Karadeniz, Turqu\u00eda: El Frescor del Mar Negro | 10-18 de agosto 2026 | Reserva"}]},{"@type":"WebSite","@id":"https:\/\/turismobotanico.es\/#website","url":"https:\/\/turismobotanico.es\/","name":"Turismo Bot\u00e1nico","description":"Turismo de naturaleza","potentialAction":[{"@type":"SearchAction","target":{"@type":"EntryPoint","urlTemplate":"https:\/\/turismobotanico.es\/?s={search_term_string}"},"query-input":{"@type":"PropertyValueSpecification","valueRequired":true,"valueName":"search_term_string"}}],"inLanguage":"en-US"}]}},"_links":{"self":[{"href":"https:\/\/turismobotanico.es\/en\/wp-json\/wp\/v2\/product\/20522","targetHints":{"allow":["GET"]}}],"collection":[{"href":"https:\/\/turismobotanico.es\/en\/wp-json\/wp\/v2\/product"}],"about":[{"href":"https:\/\/turismobotanico.es\/en\/wp-json\/wp\/v2\/types\/product"}],"replies":[{"embeddable":true,"href":"https:\/\/turismobotanico.es\/en\/wp-json\/wp\/v2\/comments?post=20522"}],"version-history":[{"count":2,"href":"https:\/\/turismobotanico.es\/en\/wp-json\/wp\/v2\/product\/20522\/revisions"}],"predecessor-version":[{"id":20564,"href":"https:\/\/turismobotanico.es\/en\/wp-json\/wp\/v2\/product\/20522\/revisions\/20564"}],"wp:featuredmedia":[{"embeddable":true,"href":"https:\/\/turismobotanico.es\/en\/wp-json\/wp\/v2\/media\/20516"}],"wp:attachment":[{"href":"https:\/\/turismobotanico.es\/en\/wp-json\/wp\/v2\/media?parent=20522"}],"wp:term":[{"taxonomy":"product_brand","embeddable":true,"href":"https:\/\/turismobotanico.es\/en\/wp-json\/wp\/v2\/product_brand?post=20522"},{"taxonomy":"product_cat","embeddable":true,"href":"https:\/\/turismobotanico.es\/en\/wp-json\/wp\/v2\/product_cat?post=20522"},{"taxonomy":"product_tag","embeddable":true,"href":"https:\/\/turismobotanico.es\/en\/wp-json\/wp\/v2\/product_tag?post=20522"}],"curies":[{"name":"wp","href":"https:\/\/api.w.org\/{rel}","templated":true}]}}