{"id":20594,"date":"2026-04-09T08:38:34","date_gmt":"2026-04-09T08:38:34","guid":{"rendered":"https:\/\/turismobotanico.es\/?post_type=product&#038;p=20594"},"modified":"2026-04-09T09:36:04","modified_gmt":"2026-04-09T09:36:04","slug":"islas-azores-up-laurisilvas-y-tierras-volcanicas-13-al-19-de-junio-de-2026-pago-3","status":"publish","type":"product","link":"https:\/\/turismobotanico.es\/en\/islas-azores-up-laurisilvas-y-tierras-volcanicas-13-al-19-de-junio-de-2026-pago-3\/","title":{"rendered":"Islas Azores UP: Laurisilvas y Tierras Volc\u00e1nicas | 13 al 19 de junio de 2026 | Pago 3"},"content":{"rendered":"<p><a href=\"https:\/\/turismobotanico.es\/wp-content\/uploads\/2026\/01\/Azores-2026-UP.pdf\">VER EL PROGRAMA COMPLETO (RECOMENDADO)<\/a><\/p>\n<p><strong>CUANDO YA SE CRE\u00cdA EL ABISMO\u00a0<\/strong><\/p>\n<p>El archipi\u00e9lago de las Azores. El culmen de la macaronesia. Un para\u00edso en medio del Atl\u00e1ntico donde las fuerzas de la naturaleza han levantado moles de tierra en forma de islas en medio del vasto oc\u00e9ano. Esta palabra, \u201cmacaronesia\u201d puede sonar rara, pero es la palabra que se le da a la regi\u00f3n natural formada por algunas de las numerosas islas existentes en el atl\u00e1ntico norte. Estas son Cabo Verde, las Islas Canarias, Madeira y Azores. Dos de estas islas ser\u00e1n el objetivo de nuestro viaje.<\/p>\n<p>Comenzaremos por la isla de Sao Miguel donde maravillas naturales como Sete Cidades o la Lagoa do Fogo llenar\u00e1n nuestra c\u00e1mara de fotos de im\u00e1genes id\u00edlicas. Tendremos tambi\u00e9n un recorrido en bus por la isla para conocer otros rincones y panor\u00e1micas con la idea de llevarnos una imagen lo m\u00e1s completa posible de la isla.<\/p>\n<p>Despu\u00e9s nos trasladamos a Terceira, y ya que estamos, la vamos a conocer a fondo tambi\u00e9n. Haremos uno de sus senderos m\u00e1s bonitos, el Passagem das Bestas. Adem\u00e1s, visitaremos las Furnas de Enxofre y tendremos tiempo de deleitarnos en las piscinas naturales de Biscoitos. Eso sin olvidar las bondades de la ciudad de Angra do Hero\u00edsmo. Y por \u00faltimo, haremos una actividad de avistamiento de cet\u00e1ceos. \u00bfTendremos suerte? Esperamos que si.<\/p>\n<p>En resumen, una semana para visitar dos de las islas m\u00e1s bonitas de este archipi\u00e9lago. \u00bfTe vienes con nosotros?<\/p>\n<p><span data-path-to-node=\"4,0\"><b><span class=\"citation-79\">PRECIO POR PERSONA<\/span><\/b><span class=\"citation-79\"> INCLUYENDO: BILLETES DE AVI\u00d3N Y TRANSPORTE COMPLETO DESDE ORIGEN Y EN DESTINO, <\/span><\/span><span data-path-to-node=\"4,4\"><span class=\"citation-78\">6 <\/span><span class=\"citation-78\">NOCHES<\/span> DE ALOJAMIENTO C<\/span><span data-path-to-node=\"4,7\"><span class=\"citation-77\">ON DESAYUNO Y CENA INCLU\u00cdDA, <\/span><\/span><span data-path-to-node=\"4,21\"><span class=\"citation-73\">GU\u00cdA\u00a0 DE NATURALEZA Y CULTURA ALTAMENTE CUALIFICADOS<\/span><span class=\"citation-73\">, VISITAS Y <\/span><\/span><span data-path-to-node=\"4,25\"><span class=\"citation-72\">ENTRADAS A TODAS LAS ACTIVIDADES ESPECIFICADAS EN EL PROGRAMA <\/span><\/span><span data-path-to-node=\"4,28\"><span class=\"citation-71\">Y<\/span><\/span> <span data-path-to-node=\"4,35\"><span class=\"citation-69\">SEGUROS DE CANCELACI\u00d3N, ACCIDENTES Y RESPONSABILIDAD CIVIL: <b><span class=\"citation-79\">1 950\u20ac.<\/span><\/b><\/span><\/span><\/p>\n<p>El alojamiento es\u00a0en habitaci\u00f3n doble.\u00a0Si vas solo, tendr\u00e1s que pagar el suplemento de\u00a0<strong>habitaci\u00f3n individual: 300\u20ac<\/strong>. A\u00f1\u00e1delo al carrito, desde la parte de abajo de la p\u00e1gina, en el siguiente paso de la reserva.<\/p>\n<p><a href=\"https:\/\/www.bujaldon-sl.com\/productos\/certificado\/go-advance-2-0\">PUEDE CONSULTAR LAS CONDICIONES DE ESTE SEGURO DE CANCELACI\u00d3N CLICANDO AQU\u00cd<\/a><\/p>\n<p><a href=\"https:\/\/turismobotanico.es\/en\/politica-de-cancelaciones\/\">PUEDES CONSULTAR AQU\u00cd NUESTRA POL\u00cdTICA DE CANCELACIONES<\/a><\/p>\n<p>&nbsp;<\/p>\n<hr \/>\n<p>&nbsp;<\/p>","protected":false},"excerpt":{"rendered":"<p><a href=\"https:\/\/turismobotanico.es\/wp-content\/uploads\/2026\/01\/Azores-2026-UP.pdf\">VER EL PROGRAMA COMPLETO (RECOMENDADO)<\/a><\/p>\n<p><strong>CUANDO YA SE CRE\u00cdA EL ABISMO\u00a0<\/strong><\/p>\n<p>El archipi\u00e9lago de las Azores. El culmen de la macaronesia. Un para\u00edso en medio del Atl\u00e1ntico donde las fuerzas de la naturaleza han levantado moles de tierra en forma de islas en medio del vasto oc\u00e9ano. Esta palabra, \u201cmacaronesia\u201d puede sonar rara, pero es la palabra que se le da a la regi\u00f3n natural formada por algunas de las numerosas islas existentes en el atl\u00e1ntico norte. Estas son Cabo Verde, las Islas Canarias, Madeira y Azores. Dos de estas islas ser\u00e1n el objetivo de nuestro viaje.<\/p>\n<p>Comenzaremos por la isla de Sao Miguel donde maravillas naturales como Sete Cidades o la Lagoa do Fogo llenar\u00e1n nuestra c\u00e1mara de fotos de im\u00e1genes id\u00edlicas. Tendremos tambi\u00e9n un recorrido en bus por la isla para conocer otros rincones y panor\u00e1micas con la idea de llevarnos una imagen lo m\u00e1s completa posible de la isla.<\/p>\n<p>Despu\u00e9s nos trasladamos a Terceira, y ya que estamos, la vamos a conocer a fondo tambi\u00e9n. Haremos uno de sus senderos m\u00e1s bonitos, el Passagem das Bestas. Adem\u00e1s,visitaremos las Furnas de Enxofre y tendremos tiempo de deleitarnos en las piscinas naturales de Biscoitos. Eso sin olvidar las bondades de la ciudad de Angra do Heroismo. Y por \u00faltimo, haremos una actividad de avistamiento de cet\u00e1ceos. \u00bfTendremos suerte? Esperamos que si.<\/p>\n<p>En resumen, una semana para visitar dos de las islas m\u00e1s bonitas de este archipi\u00e9lago. \u00bfTe vienes con nosotros?<\/p>\n<p><span data-path-to-node=\"4,0\"><b><span class=\"citation-79\">PRECIO POR PERSONA<\/span><\/b><span class=\"citation-79\"> INCLUYENDO: BILLETES DE AVI\u00d3N Y TRANSPORTE COMPLETO DESDE ORIGEN Y EN DESTINO, <\/span><\/span><span data-path-to-node=\"4,4\"><span class=\"citation-78\">6 <\/span><span class=\"citation-78\">NOCHES<\/span> DE ALOJAMIENTO C<\/span><span data-path-to-node=\"4,7\"><span class=\"citation-77\">ON DESAYUNO Y CENA INCLU\u00cdDA, <\/span><\/span><span data-path-to-node=\"4,21\"><span class=\"citation-73\">GU\u00cdA\u00a0 DE NATURALEZA Y CULTURA ALTAMENTE CUALIFICADOS<\/span><span class=\"citation-73\">, VISITAS Y <\/span><\/span><span data-path-to-node=\"4,25\"><span class=\"citation-72\">ENTRADAS A TODAS LAS ACTIVIDADES ESPECIFICADAS EN EL PROGRAMA <\/span><\/span><span data-path-to-node=\"4,28\"><span class=\"citation-71\">Y<\/span><\/span> <span data-path-to-node=\"4,35\"><span class=\"citation-69\">SEGUROS DE CANCELACI\u00d3N, ACCIDENTES Y RESPONSABILIDAD CIVIL: <b><span class=\"citation-79\">1 950\u20ac.<\/span><\/b><\/span><\/span><\/p>\n<p>El alojamiento es\u00a0en habitaci\u00f3n doble.\u00a0Si vas solo, tendr\u00e1s que pagar el suplemento de\u00a0<strong>habitaci\u00f3n individual: 300\u20ac<\/strong>. A\u00f1\u00e1delo al carrito, desde la parte de abajo de la p\u00e1gina, en el siguiente paso de la reserva.<\/p>\n<p><a href=\"https:\/\/www.bujaldon-sl.com\/productos\/certificado\/go-advance-2-0\">PUEDE CONSULTAR LAS CONDICIONES DE ESTE SEGURO DE CANCELACI\u00d3N CLICANDO AQU\u00cd<\/a><\/p>\n<p><a href=\"https:\/\/turismobotanico.es\/en\/politica-de-cancelaciones\/\">PUEDES CONSULTAR AQU\u00cd NUESTRA POL\u00cdTICA DE CANCELACIONES<\/a><\/p>\n<p>&nbsp;<\/p>","protected":false},"featured_media":20020,"comment_status":"closed","ping_status":"closed","template":"","meta":[],"product_brand":[],"product_cat":[115],"product_tag":[],"class_list":{"0":"post-20594","1":"product","2":"type-product","3":"status-publish","4":"has-post-thumbnail","6":"product_cat-sin-categoria","8":"first","9":"instock","10":"shipping-taxable","11":"purchasable","12":"product-type-simple"},"yoast_head":"<!-- This site is optimized with the Yoast SEO plugin v27.5 - https:\/\/yoast.com\/product\/yoast-seo-wordpress\/ -->\n<title>Islas Azores UP: Laurisilvas y Tierras Volc\u00e1nicas | 13 al 19 de junio de 2026 | Pago 3 - Turismo Bot\u00e1nico<\/title>\n<meta name=\"description\" content=\"Un para\u00edso en medio del Atl\u00e1ntico donde las fuerzas de la naturaleza han levantado moles de tierra en forma de islas en medio del oc\u00e9ano, te apuntas?\" \/>\n<meta name=\"robots\" content=\"index, follow, max-snippet:-1, max-image-preview:large, max-video-preview:-1\" \/>\n<link rel=\"canonical\" href=\"https:\/\/turismobotanico.es\/en\/islas-azores-up-laurisilvas-y-tierras-volcanicas-13-al-19-de-junio-de-2026-pago-3\/\" \/>\n<meta property=\"og:locale\" content=\"en_US\" \/>\n<meta property=\"og:type\" content=\"article\" \/>\n<meta property=\"og:title\" content=\"Islas Azores UP: Laurisilvas y Tierras Volc\u00e1nicas | 13 al 19 de junio de 2026 | Pago 3 - Turismo Bot\u00e1nico\" \/>\n<meta property=\"og:description\" content=\"Un para\u00edso en medio del Atl\u00e1ntico donde las fuerzas de la naturaleza han levantado moles de tierra en forma de islas en medio del oc\u00e9ano, te apuntas?\" \/>\n<meta property=\"og:url\" content=\"https:\/\/turismobotanico.es\/en\/islas-azores-up-laurisilvas-y-tierras-volcanicas-13-al-19-de-junio-de-2026-pago-3\/\" \/>\n<meta property=\"og:site_name\" content=\"Turismo Bot\u00e1nico\" \/>\n<meta property=\"article:modified_time\" content=\"2026-04-09T09:36:04+00:00\" \/>\n<meta property=\"og:image\" content=\"https:\/\/turismobotanico.es\/wp-content\/uploads\/2026\/02\/WhatsApp-Image-2026-02-03-at-09.44.24.jpeg\" \/>\n\t<meta property=\"og:image:width\" content=\"702\" \/>\n\t<meta property=\"og:image:height\" content=\"620\" \/>\n\t<meta property=\"og:image:type\" content=\"image\/jpeg\" \/>\n<meta name=\"twitter:card\" content=\"summary_large_image\" \/>\n<meta name=\"twitter:label1\" content=\"Est. reading time\" \/>\n\t<meta name=\"twitter:data1\" content=\"2 minutes\" \/>\n<script type=\"application\/ld+json\" class=\"yoast-schema-graph\">{\"@context\":\"https:\\\/\\\/schema.org\",\"@graph\":[{\"@type\":\"WebPage\",\"@id\":\"https:\\\/\\\/turismobotanico.es\\\/islas-azores-up-laurisilvas-y-tierras-volcanicas-13-al-19-de-junio-de-2026-pago-3\\\/\",\"url\":\"https:\\\/\\\/turismobotanico.es\\\/islas-azores-up-laurisilvas-y-tierras-volcanicas-13-al-19-de-junio-de-2026-pago-3\\\/\",\"name\":\"Islas Azores UP: Laurisilvas y Tierras Volc\u00e1nicas | 13 al 19 de junio de 2026 | Pago 3 - Turismo Bot\u00e1nico\",\"isPartOf\":{\"@id\":\"https:\\\/\\\/turismobotanico.es\\\/#website\"},\"primaryImageOfPage\":{\"@id\":\"https:\\\/\\\/turismobotanico.es\\\/islas-azores-up-laurisilvas-y-tierras-volcanicas-13-al-19-de-junio-de-2026-pago-3\\\/#primaryimage\"},\"image\":{\"@id\":\"https:\\\/\\\/turismobotanico.es\\\/islas-azores-up-laurisilvas-y-tierras-volcanicas-13-al-19-de-junio-de-2026-pago-3\\\/#primaryimage\"},\"thumbnailUrl\":\"https:\\\/\\\/turismobotanico.es\\\/wp-content\\\/uploads\\\/2026\\\/02\\\/WhatsApp-Image-2026-02-03-at-09.44.24.jpeg\",\"datePublished\":\"2026-04-09T08:38:34+00:00\",\"dateModified\":\"2026-04-09T09:36:04+00:00\",\"description\":\"Un para\u00edso en medio del Atl\u00e1ntico donde las fuerzas de la naturaleza han levantado moles de tierra en forma de islas en medio del oc\u00e9ano, te apuntas?\",\"breadcrumb\":{\"@id\":\"https:\\\/\\\/turismobotanico.es\\\/islas-azores-up-laurisilvas-y-tierras-volcanicas-13-al-19-de-junio-de-2026-pago-3\\\/#breadcrumb\"},\"inLanguage\":\"en-US\",\"potentialAction\":[{\"@type\":\"ReadAction\",\"target\":[\"https:\\\/\\\/turismobotanico.es\\\/islas-azores-up-laurisilvas-y-tierras-volcanicas-13-al-19-de-junio-de-2026-pago-3\\\/\"]}]},{\"@type\":\"ImageObject\",\"inLanguage\":\"en-US\",\"@id\":\"https:\\\/\\\/turismobotanico.es\\\/islas-azores-up-laurisilvas-y-tierras-volcanicas-13-al-19-de-junio-de-2026-pago-3\\\/#primaryimage\",\"url\":\"https:\\\/\\\/turismobotanico.es\\\/wp-content\\\/uploads\\\/2026\\\/02\\\/WhatsApp-Image-2026-02-03-at-09.44.24.jpeg\",\"contentUrl\":\"https:\\\/\\\/turismobotanico.es\\\/wp-content\\\/uploads\\\/2026\\\/02\\\/WhatsApp-Image-2026-02-03-at-09.44.24.jpeg\",\"width\":702,\"height\":620},{\"@type\":\"BreadcrumbList\",\"@id\":\"https:\\\/\\\/turismobotanico.es\\\/islas-azores-up-laurisilvas-y-tierras-volcanicas-13-al-19-de-junio-de-2026-pago-3\\\/#breadcrumb\",\"itemListElement\":[{\"@type\":\"ListItem\",\"position\":1,\"name\":\"Portada\",\"item\":\"https:\\\/\\\/turismobotanico.es\\\/\"},{\"@type\":\"ListItem\",\"position\":2,\"name\":\"Tienda\",\"item\":\"https:\\\/\\\/turismobotanico.es\\\/tienda\\\/\"},{\"@type\":\"ListItem\",\"position\":3,\"name\":\"Islas Azores UP: Laurisilvas y Tierras Volc\u00e1nicas | 13 al 19 de junio de 2026 | Pago 3\"}]},{\"@type\":\"WebSite\",\"@id\":\"https:\\\/\\\/turismobotanico.es\\\/#website\",\"url\":\"https:\\\/\\\/turismobotanico.es\\\/\",\"name\":\"Turismo Bot\u00e1nico\",\"description\":\"Turismo de naturaleza\",\"potentialAction\":[{\"@type\":\"SearchAction\",\"target\":{\"@type\":\"EntryPoint\",\"urlTemplate\":\"https:\\\/\\\/turismobotanico.es\\\/?s={search_term_string}\"},\"query-input\":{\"@type\":\"PropertyValueSpecification\",\"valueRequired\":true,\"valueName\":\"search_term_string\"}}],\"inLanguage\":\"en-US\"}]}<\/script>\n<!-- \/ Yoast SEO plugin. -->","yoast_head_json":{"title":"Islas Azores UP: Laurisilvas y Tierras Volc\u00e1nicas | 13 al 19 de junio de 2026 | Pago 3 - Turismo Bot\u00e1nico","description":"Un para\u00edso en medio del Atl\u00e1ntico donde las fuerzas de la naturaleza han levantado moles de tierra en forma de islas en medio del oc\u00e9ano, te apuntas?","robots":{"index":"index","follow":"follow","max-snippet":"max-snippet:-1","max-image-preview":"max-image-preview:large","max-video-preview":"max-video-preview:-1"},"canonical":"https:\/\/turismobotanico.es\/en\/islas-azores-up-laurisilvas-y-tierras-volcanicas-13-al-19-de-junio-de-2026-pago-3\/","og_locale":"en_US","og_type":"article","og_title":"Islas Azores UP: Laurisilvas y Tierras Volc\u00e1nicas | 13 al 19 de junio de 2026 | Pago 3 - Turismo Bot\u00e1nico","og_description":"Un para\u00edso en medio del Atl\u00e1ntico donde las fuerzas de la naturaleza han levantado moles de tierra en forma de islas en medio del oc\u00e9ano, te apuntas?","og_url":"https:\/\/turismobotanico.es\/en\/islas-azores-up-laurisilvas-y-tierras-volcanicas-13-al-19-de-junio-de-2026-pago-3\/","og_site_name":"Turismo Bot\u00e1nico","article_modified_time":"2026-04-09T09:36:04+00:00","og_image":[{"width":702,"height":620,"url":"https:\/\/turismobotanico.es\/wp-content\/uploads\/2026\/02\/WhatsApp-Image-2026-02-03-at-09.44.24.jpeg","type":"image\/jpeg"}],"twitter_card":"summary_large_image","twitter_misc":{"Est. reading time":"2 minutes"},"schema":{"@context":"https:\/\/schema.org","@graph":[{"@type":"WebPage","@id":"https:\/\/turismobotanico.es\/islas-azores-up-laurisilvas-y-tierras-volcanicas-13-al-19-de-junio-de-2026-pago-3\/","url":"https:\/\/turismobotanico.es\/islas-azores-up-laurisilvas-y-tierras-volcanicas-13-al-19-de-junio-de-2026-pago-3\/","name":"Islas Azores UP: Laurisilvas y Tierras Volc\u00e1nicas | 13 al 19 de junio de 2026 | Pago 3 - Turismo Bot\u00e1nico","isPartOf":{"@id":"https:\/\/turismobotanico.es\/#website"},"primaryImageOfPage":{"@id":"https:\/\/turismobotanico.es\/islas-azores-up-laurisilvas-y-tierras-volcanicas-13-al-19-de-junio-de-2026-pago-3\/#primaryimage"},"image":{"@id":"https:\/\/turismobotanico.es\/islas-azores-up-laurisilvas-y-tierras-volcanicas-13-al-19-de-junio-de-2026-pago-3\/#primaryimage"},"thumbnailUrl":"https:\/\/turismobotanico.es\/wp-content\/uploads\/2026\/02\/WhatsApp-Image-2026-02-03-at-09.44.24.jpeg","datePublished":"2026-04-09T08:38:34+00:00","dateModified":"2026-04-09T09:36:04+00:00","description":"Un para\u00edso en medio del Atl\u00e1ntico donde las fuerzas de la naturaleza han levantado moles de tierra en forma de islas en medio del oc\u00e9ano, te apuntas?","breadcrumb":{"@id":"https:\/\/turismobotanico.es\/islas-azores-up-laurisilvas-y-tierras-volcanicas-13-al-19-de-junio-de-2026-pago-3\/#breadcrumb"},"inLanguage":"en-US","potentialAction":[{"@type":"ReadAction","target":["https:\/\/turismobotanico.es\/islas-azores-up-laurisilvas-y-tierras-volcanicas-13-al-19-de-junio-de-2026-pago-3\/"]}]},{"@type":"ImageObject","inLanguage":"en-US","@id":"https:\/\/turismobotanico.es\/islas-azores-up-laurisilvas-y-tierras-volcanicas-13-al-19-de-junio-de-2026-pago-3\/#primaryimage","url":"https:\/\/turismobotanico.es\/wp-content\/uploads\/2026\/02\/WhatsApp-Image-2026-02-03-at-09.44.24.jpeg","contentUrl":"https:\/\/turismobotanico.es\/wp-content\/uploads\/2026\/02\/WhatsApp-Image-2026-02-03-at-09.44.24.jpeg","width":702,"height":620},{"@type":"BreadcrumbList","@id":"https:\/\/turismobotanico.es\/islas-azores-up-laurisilvas-y-tierras-volcanicas-13-al-19-de-junio-de-2026-pago-3\/#breadcrumb","itemListElement":[{"@type":"ListItem","position":1,"name":"Portada","item":"https:\/\/turismobotanico.es\/"},{"@type":"ListItem","position":2,"name":"Tienda","item":"https:\/\/turismobotanico.es\/tienda\/"},{"@type":"ListItem","position":3,"name":"Islas Azores UP: Laurisilvas y Tierras Volc\u00e1nicas | 13 al 19 de junio de 2026 | Pago 3"}]},{"@type":"WebSite","@id":"https:\/\/turismobotanico.es\/#website","url":"https:\/\/turismobotanico.es\/","name":"Turismo Bot\u00e1nico","description":"Turismo de naturaleza","potentialAction":[{"@type":"SearchAction","target":{"@type":"EntryPoint","urlTemplate":"https:\/\/turismobotanico.es\/?s={search_term_string}"},"query-input":{"@type":"PropertyValueSpecification","valueRequired":true,"valueName":"search_term_string"}}],"inLanguage":"en-US"}]}},"_links":{"self":[{"href":"https:\/\/turismobotanico.es\/en\/wp-json\/wp\/v2\/product\/20594","targetHints":{"allow":["GET"]}}],"collection":[{"href":"https:\/\/turismobotanico.es\/en\/wp-json\/wp\/v2\/product"}],"about":[{"href":"https:\/\/turismobotanico.es\/en\/wp-json\/wp\/v2\/types\/product"}],"replies":[{"embeddable":true,"href":"https:\/\/turismobotanico.es\/en\/wp-json\/wp\/v2\/comments?post=20594"}],"version-history":[{"count":1,"href":"https:\/\/turismobotanico.es\/en\/wp-json\/wp\/v2\/product\/20594\/revisions"}],"predecessor-version":[{"id":20595,"href":"https:\/\/turismobotanico.es\/en\/wp-json\/wp\/v2\/product\/20594\/revisions\/20595"}],"wp:featuredmedia":[{"embeddable":true,"href":"https:\/\/turismobotanico.es\/en\/wp-json\/wp\/v2\/media\/20020"}],"wp:attachment":[{"href":"https:\/\/turismobotanico.es\/en\/wp-json\/wp\/v2\/media?parent=20594"}],"wp:term":[{"taxonomy":"product_brand","embeddable":true,"href":"https:\/\/turismobotanico.es\/en\/wp-json\/wp\/v2\/product_brand?post=20594"},{"taxonomy":"product_cat","embeddable":true,"href":"https:\/\/turismobotanico.es\/en\/wp-json\/wp\/v2\/product_cat?post=20594"},{"taxonomy":"product_tag","embeddable":true,"href":"https:\/\/turismobotanico.es\/en\/wp-json\/wp\/v2\/product_tag?post=20594"}],"curies":[{"name":"wp","href":"https:\/\/api.w.org\/{rel}","templated":true}]}}